{"id":38,"date":"2022-06-03T18:29:59","date_gmt":"2022-06-03T18:29:59","guid":{"rendered":"https:\/\/leonescruzdelsur.cl\/?page_id=38"},"modified":"2025-06-23T11:44:39","modified_gmt":"2025-06-23T14:44:39","slug":"actividades-leonisticas","status":"publish","type":"page","link":"https:\/\/leonescruzdelsur.cl\/index.php\/actividades-leonisticas\/","title":{"rendered":"Actividades Leon\u00edsticas"},"content":{"rendered":"\n<pre class=\"wp-block-verse\">Paralelamente a las acciones realizadas en pos del cumplimiento de nuestra misi\u00f3n institucional y teniendo siempre presente el lema del Leonismo: \u201cNosotros Servimos\u201d, el Club de Leones Punta Arenas Cruz del Sur realiza m\u00faltiples actividades Leon\u00edsticas y de Servicio, entre las que cabe destacar las siguientes:<\/pre>\n\n\n\n<div class=\"wp-block-media-text is-stacked-on-mobile\" style=\"grid-template-columns:43% auto\"><figure class=\"wp-block-media-text__media\"><img data-recalc-dims=\"1\" decoding=\"async\" src=\"https:\/\/i0.wp.com\/leonescruzdelsur.cl\/wp-content\/uploads\/2023\/08\/IMG-20230812-WA0006.jpg?ssl=1\" alt=\"\" class=\"wp-image-968 size-full\"\/><\/figure><div class=\"wp-block-media-text__content\">\n<p><strong>AGOSTO 2023<\/strong><\/p>\n\n\n\n<p><strong>LANZAMIENTO DE LAS JORNADAS POR LA REHABILITACI\u00d3N EN PUERTO WILLIAMS<\/strong><\/p>\n\n\n\n<p>El viernes 11 de agosto, y con una gran cantidad de p\u00fablico, se realiz\u00f3 el lanzamiento oficial de la campa\u00f1a 36\u00aa <em>\u201cUna historia para contar\u201d<\/em>, que dio la partida a esta instancia solidaria en la provincia Ant\u00e1rtica Chilena.<\/p>\n\n\n\n<p>El acto se realiz\u00f3 en el anfiteatro del Liceo Donald Mc Intyre Griffiths de Puerto Williams, al cual asistieron autoridades provinciales y comunales, como asimismo, organizaciones comunitarias y socios del Club de Leones Cruz del Sur.<\/p>\n<\/div><\/div>\n\n\n\n<div class=\"wp-block-media-text is-stacked-on-mobile\" style=\"grid-template-columns:43% auto\"><figure class=\"wp-block-media-text__media\"><img data-recalc-dims=\"1\" decoding=\"async\" src=\"https:\/\/i0.wp.com\/leonescruzdelsur.cl\/wp-content\/uploads\/2023\/08\/IMG-20230808-WA0018-1.jpg?ssl=1\" alt=\"\" class=\"wp-image-952 size-full\"\/><\/figure><div class=\"wp-block-media-text__content\">\n<p><strong>AGOSTO 2023<\/strong><\/p>\n\n\n\n<p><strong>IZAMIENTO DE LA BANDERA POR LAS JORNADAS<\/strong><\/p>\n\n\n\n<p>El 8 de agosto, en la jornada de la ma\u00f1ana, en la plaza de armas de Porvenir, se efectu\u00f3 un acto lleno de simbolismo, como fue izar la bandera por las Jornadas de la Rehabilitaci\u00f3n en Magallanes, que fue presidido por la m\u00e1xima autoridad comunal, funcionarios del centro de rehabilitaci\u00f3n de esa localidad y socios del Club de Leones Cruz del Sur, instancia que vuelve a comprometer a toda la comunidad isle\u00f1a con las jornadas programadas para el 3 y 4 de noviembre de 2023.<\/p>\n<\/div><\/div>\n\n\n\n<div class=\"wp-block-media-text is-stacked-on-mobile\" style=\"grid-template-columns:44% auto\"><figure class=\"wp-block-media-text__media\"><img data-recalc-dims=\"1\" decoding=\"async\" src=\"https:\/\/i0.wp.com\/leonescruzdelsur.cl\/wp-content\/uploads\/2023\/08\/IMG-20230812-WA0041.jpg?ssl=1\" alt=\"\" class=\"wp-image-946 size-full\"\/><\/figure><div class=\"wp-block-media-text__content\">\n<p><strong>AGOSTO 2023<\/strong><\/p>\n\n\n\n<p><strong>PROVINCIA DE TIERRA DEL FUEGO DA INICIO A LAS JORNADAS POR LA REHABILITACI\u00d3N EN MAGALLANES<\/strong><\/p>\n\n\n\n<p>El 8 de agosto, en dependencias del Liceo Hernando de Magallanes de la ciudad de Porvenir, se efectu\u00f3 el lanzamiento oficial de la campa\u00f1a 36\u00aa <em>\u201cUna historia para contar\u201d<\/em>, que dio inicio a la cruzada solidaria en la provincia de Tierra del Fuego.<\/p>\n\n\n\n<p>El evento cont\u00f3 con la presencia del se\u00f1or Alcalde de la I. Municipalidad de Porvenir, Jos\u00e9 Parada Aguilar, y de la Delegada Provincial de Tierra del Fuego, Karim Fierro Brztilo, junto a otras autoridades e importante asistencia de miembros de la comunidad, usuarios y funcionarios del centro de rehabilitaci\u00f3n de Porvenir.<\/p>\n<\/div><\/div>\n\n\n\n<div class=\"wp-block-media-text is-stacked-on-mobile\" style=\"grid-template-columns:43% auto\"><figure class=\"wp-block-media-text__media\"><img data-recalc-dims=\"1\" decoding=\"async\" src=\"https:\/\/i0.wp.com\/leonescruzdelsur.cl\/wp-content\/uploads\/2023\/08\/Natales-1.jpg?ssl=1\" alt=\"\" class=\"wp-image-942 size-full\"\/><\/figure><div class=\"wp-block-media-text__content\">\n<p><strong>AGOSTO 2023<\/strong><\/p>\n\n\n\n<p><strong>LANZAMIENTO DE LAS JORNADAS POR LA REHABILITACI\u00d3N EN LA PROVINCIA DE \u00daLTIMA ESPERANZA<\/strong><\/p>\n\n\n\n<p>La tarde del viernes 4 de agosto, en el Centro Comunitario Gracia y Paz de la comuna de Puerto Natales, se llev\u00f3 a cabo el lanzamiento de la 36\u00aa versi\u00f3n de las Jornadas por la Rehabilitaci\u00f3n en Magallanes, bajo el eslogan <em>\u201cUna historia para contar\u201d<\/em>, cruzada solidaria programada para los d\u00edas 3 y 4 de noviembre.<\/p>\n\n\n\n<p>Diversas instituciones de la provincia de \u00daltima Esperanza comprometieron su apoyo y participaci\u00f3n en estas jornadas, lo cual se hizo extensivo a la comunidad de Puerto Natales para lograr el \u00e9xito de la causa.<\/p>\n<\/div><\/div>\n\n\n\n<div class=\"wp-block-media-text alignwide is-stacked-on-mobile\" style=\"grid-template-columns:43% auto\"><figure class=\"wp-block-media-text__media\"><img data-recalc-dims=\"1\" height=\"768\" width=\"1024\" decoding=\"async\" src=\"https:\/\/i0.wp.com\/leonescruzdelsur.cl\/wp-content\/uploads\/2023\/07\/lanzamiento.jpg?resize=1024%2C768&#038;ssl=1\" alt=\"\" class=\"wp-image-904 size-full\"\/><\/figure><div class=\"wp-block-media-text__content\">\n<p><strong>JULIO 2023<\/strong><\/p>\n\n\n\n<p><strong>LANZAMIENTO JORNADAS POR LA REHABILITACI\u00d3N &#8211; CAMPA\u00d1A 36<\/strong><\/p>\n\n\n\n<p>En dependencias del auditorio del edificio MOP de Punta Arenas, se efectu\u00f3 el lanzamiento oficial de la XXXVI Jornadas por la Rehabilitaci\u00f3n en Magallanes, actividad que cont\u00f3 con la presencia de autoridades regionales y comunales, como asimismo, miembros del Club de Leones Cruz del Sur.<\/p>\n\n\n\n<p>En los tres centros de rehabilitaci\u00f3n del Club de Leones Cruz del Sur se teje una extensa red de relatos y testimonios que dan vida a una gran historia de esfuerzo, cari\u00f1o, compromiso y solidaridad.<\/p>\n\n\n\n<p>Es por eso que el eslogan de este a\u00f1o es: <em>\u201cUna Historia Para Contar\u201d<\/em>, y qui\u00e9n mejor que el Premio Nacional, Mateo Martinic, para encarnar este concepto. <em>\u201cEl Club de Leones Cruz del Sur, al decidir hacer un centro de rehabilitaci\u00f3n, hizo un juramento al destino. Ese momento feliz es una decisi\u00f3n hist\u00f3rica\u201d<\/em>, recalca el reconocido magall\u00e1nico.<\/p>\n\n\n\n<p>Adem\u00e1s, los encargados de motivar la participaci\u00f3n de toda la comunidad ser\u00e1n: Verenice Runin, embajadora 2018; Diana \u00c1lvarez, kinesi\u00f3loga del centro; y Generos\u00edn, el le\u00f3n mascota del Club Cruz del Sur. Esta campa\u00f1a solidaria magall\u00e1nica culminar\u00e1 los d\u00edas 3 y 4 de noviembre.<\/p>\n<\/div><\/div>\n\n\n\n<div class=\"wp-block-media-text alignwide is-stacked-on-mobile\" style=\"grid-template-columns:44% auto\"><figure class=\"wp-block-media-text__media\"><img data-recalc-dims=\"1\" height=\"768\" width=\"1024\" decoding=\"async\" src=\"https:\/\/i0.wp.com\/leonescruzdelsur.cl\/wp-content\/uploads\/2023\/07\/Carnaval.jpg?resize=1024%2C768&#038;ssl=1\" alt=\"\" class=\"wp-image-903 size-full\"\/><\/figure><div class=\"wp-block-media-text__content\">\n<p><strong>JULIO 2023<\/strong><\/p>\n\n\n\n<p><strong>Club de Leones Cruz del Sur Presentes en el Carnaval de Invierno<\/strong><\/p>\n\n\n\n<p>Por segundo a\u00f1o consecutivo, la Ilustre Municipalidad de Punta Arenas hace extensiva la invitaci\u00f3n para que los socios y socias del Club de Leones Punta Arenas Cruz del Sur participen en una nueva versi\u00f3n del Carnaval de Invierno, que se llev\u00f3 a cabo el pasado 15 y 16 de julio, y cuyo objetivo es motivar para una nueva versi\u00f3n de la campa\u00f1a solidaria Jornadas por la Rehabilitaci\u00f3n en Magallanes.<\/p>\n\n\n\n<p>Este a\u00f1o, los socios y socias del Club de Leones Cruz del Sur fueron escoltados por los motoqueros <em>Fantasmas en el Viento<\/em>, quienes cada a\u00f1o apoyan la campa\u00f1a solidaria. Tambi\u00e9n se hicieron part\u00edcipes las socias del Club de Leones Mujer Austral junto a sus familias, y <em>Las Chicas de Calipso<\/em>, quienes con su entusiasmo entregaron alegr\u00eda a los asistentes.<\/p>\n\n\n\n<p>La selva del Club de Leones Punta Arenas Cruz del Sur agradece el apoyo de todas las personas que, a pesar de las bajas temperaturas, quisieron estar presentes en esta fiesta invernal.<\/p>\n\n\n\n<p>Gracias por la invitaci\u00f3n y gracias a todos\/as quienes nos acompa\u00f1aron para dar inicio simb\u00f3lico a la campa\u00f1a solidaria.<\/p>\n<\/div><\/div>\n\n\n\n<div class=\"wp-block-media-text alignwide is-stacked-on-mobile\" style=\"grid-template-columns:42% auto\"><figure class=\"wp-block-media-text__media\"><img data-recalc-dims=\"1\" decoding=\"async\" src=\"https:\/\/i0.wp.com\/leonescruzdelsur.cl\/wp-content\/uploads\/2023\/07\/Kilos-amor.jpg?ssl=1\" alt=\"\" class=\"wp-image-902 size-full\"\/><\/figure><div class=\"wp-block-media-text__content\">\n<p><strong>JULIO 2023<\/strong><\/p>\n\n\n\n<p><strong>CAMPA\u00d1A KILOS DE AMOR 2023<\/strong><\/p>\n\n\n\n<p>El viernes 7 de julio se realiz\u00f3 la cuarta versi\u00f3n de la campa\u00f1a solidaria <em>\u201cKilos de Amor\u201d<\/em>, actividad en la cual participaron nuevamente los socios del Club de Leones Cruz del Sur, junto al canal ITV Patagonia, Caritas Chile y Radio Carnaval. Los alimentos recolectados ir\u00e1n en ayuda de familias vulnerables de la comunidad magall\u00e1nica.<\/p>\n\n\n\n<p>El acopio y la clasificaci\u00f3n se efectuaron en el gimnasio del Instituto Sagrada Familia.<\/p>\n<\/div><\/div>\n\n\n\n<div class=\"wp-block-media-text alignwide is-stacked-on-mobile\" style=\"grid-template-columns:42% auto\"><figure class=\"wp-block-media-text__media\"><img data-recalc-dims=\"1\" height=\"1024\" width=\"934\" decoding=\"async\" src=\"https:\/\/i0.wp.com\/leonescruzdelsur.cl\/wp-content\/uploads\/2023\/07\/cambio-diirectorio.jpg?resize=934%2C1024&#038;ssl=1\" alt=\"\" class=\"wp-image-901 size-full\"\/><\/figure><div class=\"wp-block-media-text__content\">\n<p><strong>JUNIO 2023<\/strong><\/p>\n\n\n\n<p><strong>CAMBIO DIRECTIVA PERIODO 2023 \u2013 2024<\/strong><\/p>\n\n\n\n<p>El viernes 30 de junio, en dependencias de nuestra sede del Club de Leones, se efectu\u00f3 la ceremonia de cambio de mando de la nueva directiva, asumiendo la presidencia la Leona Norma Jim\u00e9nez Osorio.<\/p>\n\n\n\n<p>La ceremonia fue presidida por la Leona Alicia Cid, coordinadora de la Novena Zona, Distrito T4, Chile Austral.<\/p>\n<\/div><\/div>\n\n\n\n<div class=\"wp-block-media-text alignwide is-stacked-on-mobile\" style=\"grid-template-columns:42% auto\"><figure class=\"wp-block-media-text__media\"><img data-recalc-dims=\"1\" fetchpriority=\"high\" decoding=\"async\" width=\"752\" height=\"1024\" src=\"https:\/\/i0.wp.com\/leonescruzdelsur.cl\/wp-content\/uploads\/2023\/07\/entrega-canastas-centro-3.png?resize=752%2C1024&#038;ssl=1\" alt=\"\" class=\"wp-image-900 size-full\" srcset=\"https:\/\/i0.wp.com\/leonescruzdelsur.cl\/wp-content\/uploads\/2023\/07\/entrega-canastas-centro-3.png?resize=752%2C1024&amp;ssl=1 752w, https:\/\/i0.wp.com\/leonescruzdelsur.cl\/wp-content\/uploads\/2023\/07\/entrega-canastas-centro-3.png?resize=220%2C300&amp;ssl=1 220w, https:\/\/i0.wp.com\/leonescruzdelsur.cl\/wp-content\/uploads\/2023\/07\/entrega-canastas-centro-3.png?resize=768%2C1046&amp;ssl=1 768w, https:\/\/i0.wp.com\/leonescruzdelsur.cl\/wp-content\/uploads\/2023\/07\/entrega-canastas-centro-3.png?w=845&amp;ssl=1 845w\" sizes=\"(max-width: 752px) 100vw, 752px\" \/><\/figure><div class=\"wp-block-media-text__content\">\n<p><strong>JUNIO 2023<\/strong><\/p>\n\n\n\n<p><strong>Entrega de Canastas a Usuarios del Centro de Rehabilitaci\u00f3n<\/strong><\/p>\n\n\n\n<p>En el marco del aniversario del Club, se hicieron entregas de canastas familiares a un grupo de usuarios que se atienden en el Centro de Rehabilitaci\u00f3n del Club de Leones Cruz del Sur.<\/p>\n\n\n\n<hr class=\"wp-block-separator has-alpha-channel-opacity\"\/>\n\n\n\n<p>Si quieres, puedo unificar todos los textos corregidos en un solo documento con dise\u00f1o profesional, encabezados, logos y formato listo para publicaci\u00f3n. \u00bfTe interesa?<\/p>\n<\/div><\/div>\n\n\n\n<div class=\"wp-block-media-text alignwide is-stacked-on-mobile\" style=\"grid-template-columns:43% auto\"><figure class=\"wp-block-media-text__media\"><img data-recalc-dims=\"1\" decoding=\"async\" width=\"640\" height=\"480\" src=\"https:\/\/i0.wp.com\/leonescruzdelsur.cl\/wp-content\/uploads\/2023\/07\/Casa-del-samaritano.jpg?resize=640%2C480&#038;ssl=1\" alt=\"\" class=\"wp-image-897 size-full\" srcset=\"https:\/\/i0.wp.com\/leonescruzdelsur.cl\/wp-content\/uploads\/2023\/07\/Casa-del-samaritano.jpg?w=640&amp;ssl=1 640w, https:\/\/i0.wp.com\/leonescruzdelsur.cl\/wp-content\/uploads\/2023\/07\/Casa-del-samaritano.jpg?resize=300%2C225&amp;ssl=1 300w\" sizes=\"(max-width: 640px) 100vw, 640px\" \/><\/figure><div class=\"wp-block-media-text__content\">\n<p><strong>JUNIO 2023<\/strong><\/p>\n\n\n\n<p><strong>Actividad de servicio Casa del Samaritano<\/strong><\/p>\n\n\n\n<p>El viernes 15 de junio, los socios del Club de Leones Cruz del Sur visitaron la Casa del Samaritano e hicieron una donaci\u00f3n de pa\u00f1ales para nuestros hermanos mayores. Junto con dicha donaci\u00f3n, recorrieron las dependencias en compa\u00f1\u00eda de la directora de dicha instituci\u00f3n.<\/p>\n<\/div><\/div>\n\n\n\n<div class=\"wp-block-media-text alignwide is-stacked-on-mobile\" style=\"grid-template-columns:43% auto\"><figure class=\"wp-block-media-text__media\"><img data-recalc-dims=\"1\" decoding=\"async\" width=\"768\" height=\"1024\" src=\"https:\/\/i0.wp.com\/leonescruzdelsur.cl\/wp-content\/uploads\/2023\/07\/Oncopediatrica.jpg?resize=768%2C1024&#038;ssl=1\" alt=\"\" class=\"wp-image-896 size-full\" srcset=\"https:\/\/i0.wp.com\/leonescruzdelsur.cl\/wp-content\/uploads\/2023\/07\/Oncopediatrica.jpg?w=768&amp;ssl=1 768w, https:\/\/i0.wp.com\/leonescruzdelsur.cl\/wp-content\/uploads\/2023\/07\/Oncopediatrica.jpg?resize=225%2C300&amp;ssl=1 225w\" sizes=\"(max-width: 768px) 100vw, 768px\" \/><\/figure><div class=\"wp-block-media-text__content\">\n<p><strong>JUNIO 2023<\/strong><\/p>\n\n\n\n<p><strong>Actividad de servicio Unidad Oncopedi\u00e1trica<\/strong><\/p>\n\n\n\n<p>Con motivo del aniversario del Club de Leones Cruz del Sur, se realiz\u00f3 la entrega de libros en el Hospital Cl\u00ednico, espec\u00edficamente para la Unidad Oncopedi\u00e1trica, donde fuimos recibidos por la enfermera se\u00f1ora Mariana C\u00e1rdenas. Asistieron a esta actividad el Presidente del Club de Leones Cruz del Sur, Le\u00f3n Alejandro V\u00e1squez, y los socios leones Nibaldo \u00c1lamos y Gladys Pichuncheo.<\/p>\n<\/div><\/div>\n\n\n\n<div class=\"wp-block-media-text alignwide is-stacked-on-mobile\" style=\"grid-template-columns:43% auto\"><figure class=\"wp-block-media-text__media\"><img data-recalc-dims=\"1\" loading=\"lazy\" decoding=\"async\" width=\"960\" height=\"720\" src=\"https:\/\/i0.wp.com\/leonescruzdelsur.cl\/wp-content\/uploads\/2023\/07\/Eucaristia.jpg?resize=960%2C720&#038;ssl=1\" alt=\"\" class=\"wp-image-895 size-full\" srcset=\"https:\/\/i0.wp.com\/leonescruzdelsur.cl\/wp-content\/uploads\/2023\/07\/Eucaristia.jpg?w=960&amp;ssl=1 960w, https:\/\/i0.wp.com\/leonescruzdelsur.cl\/wp-content\/uploads\/2023\/07\/Eucaristia.jpg?resize=300%2C225&amp;ssl=1 300w, https:\/\/i0.wp.com\/leonescruzdelsur.cl\/wp-content\/uploads\/2023\/07\/Eucaristia.jpg?resize=768%2C576&amp;ssl=1 768w\" sizes=\"(max-width: 960px) 100vw, 960px\" \/><\/figure><div class=\"wp-block-media-text__content\">\n<p><strong>JUNIO 2023<\/strong><\/p>\n\n\n\n<p><strong>Eucarist\u00eda Aniversario Club de Leones Cruz del Sur<\/strong><\/p>\n\n\n\n<p>Con motivo del aniversario del Club de Leones Cruz del Sur, se realiz\u00f3 una eucarist\u00eda en la Iglesia Catedral. En esta oportunidad particip\u00f3 el coro integrado por socios del Club de Leones Cruz del Sur.<\/p>\n<\/div><\/div>\n\n\n\n<div class=\"wp-block-media-text alignwide is-stacked-on-mobile\" style=\"grid-template-columns:39% auto\"><figure class=\"wp-block-media-text__media\"><img data-recalc-dims=\"1\" loading=\"lazy\" decoding=\"async\" width=\"720\" height=\"405\" src=\"https:\/\/i0.wp.com\/leonescruzdelsur.cl\/wp-content\/uploads\/2023\/07\/Hermanamiento.jpg?resize=720%2C405&#038;ssl=1\" alt=\"\" class=\"wp-image-894 size-full\" srcset=\"https:\/\/i0.wp.com\/leonescruzdelsur.cl\/wp-content\/uploads\/2023\/07\/Hermanamiento.jpg?w=720&amp;ssl=1 720w, https:\/\/i0.wp.com\/leonescruzdelsur.cl\/wp-content\/uploads\/2023\/07\/Hermanamiento.jpg?resize=300%2C169&amp;ssl=1 300w\" sizes=\"(max-width: 720px) 100vw, 720px\" \/><\/figure><div class=\"wp-block-media-text__content\">\n<p><strong>JUNIO 2023<\/strong><\/p>\n\n\n\n<p><strong>Hermanamiento Club de Leones Punta Arenas Cruz del Sur del Distrito T4 Chile con el Club de Leones de Lima del Distrito H4 Per\u00fa<\/strong><\/p>\n\n\n\n<p>El d\u00eda 12 de junio de 2023, se suscribi\u00f3 el Acta de Hermanamiento de los Clubes de Leones Punta Arenas Cruz del Sur del Distrito T4 Chile y el Club de Leones de Lima del Distrito H4 Per\u00fa.<\/p>\n\n\n\n<p>Dicho hermanamiento fue firmado por el presidente del Club de Leones Punta Arenas Cruz del Sur, Le\u00f3n Alejandro Ignacio V\u00e1squez Servieri. Avalando el hermanamiento, el Gobernador del Distrito T4, Carlos Stange. Por el Club de Leones de Lima del Distrito H4 Per\u00fa, en representaci\u00f3n de su presidenta CL Margarita Vidal Verau, el PDG F\u00e9lix Palomino Abad.<\/p>\n\n\n\n<p>Con la firma del hermanamiento, se pone en pr\u00e1ctica uno de los pensamientos de Melvin Jones: <em>\u201cUNIR A LOS CLUBES EN V\u00cdNCULOS DE AMISTAD, BUEN COMPA\u00d1ERISMO Y MUTUO ENTENDIMIENTO\u201d<\/em>. Este hermanamiento permitir\u00e1 que ambos clubes puedan desarrollar, con mutuo apoyo, actividades de servicio de mayor impacto y beneficio para las comunidades m\u00e1s necesitadas, poniendo en pr\u00e1ctica que el trabajo en alianzas estrat\u00e9gicas genera mejores resultados que cuando se desarrolla de modo individual.<\/p>\n\n\n\n<p><em>\u201cNOSOTROS SERVIMOS Y JUNTOS SERVIMOS MEJOR\u201d<\/em>.<\/p>\n<\/div><\/div>\n\n\n\n<div class=\"wp-block-media-text alignwide is-stacked-on-mobile\" style=\"grid-template-columns:38% auto\"><figure class=\"wp-block-media-text__media\"><img data-recalc-dims=\"1\" loading=\"lazy\" decoding=\"async\" width=\"1024\" height=\"616\" src=\"https:\/\/i0.wp.com\/leonescruzdelsur.cl\/wp-content\/uploads\/2023\/07\/capacitacion.jpg?resize=1024%2C616&#038;ssl=1\" alt=\"\" class=\"wp-image-893 size-full\" srcset=\"https:\/\/i0.wp.com\/leonescruzdelsur.cl\/wp-content\/uploads\/2023\/07\/capacitacion.jpg?resize=1024%2C616&amp;ssl=1 1024w, https:\/\/i0.wp.com\/leonescruzdelsur.cl\/wp-content\/uploads\/2023\/07\/capacitacion.jpg?resize=300%2C181&amp;ssl=1 300w, https:\/\/i0.wp.com\/leonescruzdelsur.cl\/wp-content\/uploads\/2023\/07\/capacitacion.jpg?resize=768%2C462&amp;ssl=1 768w, https:\/\/i0.wp.com\/leonescruzdelsur.cl\/wp-content\/uploads\/2023\/07\/capacitacion.jpg?w=1080&amp;ssl=1 1080w\" sizes=\"(max-width: 1000px) 100vw, 1000px\" \/><\/figure><div class=\"wp-block-media-text__content\">\n<p><strong>JUNIO 2023<\/strong><\/p>\n\n\n\n<p><strong>Fin de semana de capacitaci\u00f3n leon\u00edstica<\/strong><\/p>\n\n\n\n<p>Desde el viernes 9 al domingo 11 de junio, se realizaron las capacitaciones leon\u00edsticas <em>\u201cFormaci\u00f3n del Le\u00f3n Mentor\u201d<\/em>, <em>\u201cCapacitaci\u00f3n para Socios Nuevos\u201d<\/em> y <em>\u201cTaller de Fidelizaci\u00f3n de Socios\u201d<\/em>, organizadas por el Club de Leones Cruz del Sur y dictadas por la plana docente conformada por los siguientes leones: DC Soledad Y\u00e1\u00f1ez (Chile), DC Carlos Stange (Chile), DC Enrique Ramos (Per\u00fa) y DC F\u00e9lix Palominos (Per\u00fa).<\/p>\n\n\n\n<p class=\"has-text-align-left\">Dicha capacitaci\u00f3n cont\u00f3 con la participaci\u00f3n de los socios leones de los diferentes clubes de leones de la regi\u00f3n.<\/p>\n<\/div><\/div>\n\n\n\n<div class=\"wp-block-media-text alignwide is-stacked-on-mobile\" style=\"grid-template-columns:38% auto\"><figure class=\"wp-block-media-text__media\"><img data-recalc-dims=\"1\" loading=\"lazy\" decoding=\"async\" width=\"664\" height=\"654\" src=\"https:\/\/i0.wp.com\/leonescruzdelsur.cl\/wp-content\/uploads\/2023\/06\/convencion-mayo.jpg?resize=664%2C654&#038;ssl=1\" alt=\"\" class=\"wp-image-756 size-full\" srcset=\"https:\/\/i0.wp.com\/leonescruzdelsur.cl\/wp-content\/uploads\/2023\/06\/convencion-mayo.jpg?w=664&amp;ssl=1 664w, https:\/\/i0.wp.com\/leonescruzdelsur.cl\/wp-content\/uploads\/2023\/06\/convencion-mayo.jpg?resize=300%2C295&amp;ssl=1 300w\" sizes=\"(max-width: 664px) 100vw, 664px\" \/><\/figure><div class=\"wp-block-media-text__content\">\n<p><strong>MAYO 2023<\/strong><\/p>\n\n\n\n<p><strong>LXXIII Convenci\u00f3n Nacional \u201cECC TOM\u00c1S MOSQUERA S\u00c1NCHEZ\u201d<\/strong><\/p>\n\n\n\n<p>Durante los d\u00edas 19 y 20 de mayo, un grupo de socios del club asisti\u00f3 a la LXXIII Convenci\u00f3n Nacional <em>\u201cECC TOM\u00c1S MOSQUERA S\u00c1NCHEZ\u201d<\/em>, realizada en la ciudad de Antofagasta.<\/p>\n<\/div><\/div>\n\n\n\n<div class=\"wp-block-media-text alignwide is-stacked-on-mobile\" style=\"grid-template-columns:37% auto\"><figure class=\"wp-block-media-text__media\"><img data-recalc-dims=\"1\" loading=\"lazy\" decoding=\"async\" width=\"754\" height=\"911\" src=\"https:\/\/i0.wp.com\/leonescruzdelsur.cl\/wp-content\/uploads\/2023\/06\/retamos.jpg?resize=754%2C911&#038;ssl=1\" alt=\"\" class=\"wp-image-755 size-full\" srcset=\"https:\/\/i0.wp.com\/leonescruzdelsur.cl\/wp-content\/uploads\/2023\/06\/retamos.jpg?w=754&amp;ssl=1 754w, https:\/\/i0.wp.com\/leonescruzdelsur.cl\/wp-content\/uploads\/2023\/06\/retamos.jpg?resize=248%2C300&amp;ssl=1 248w\" sizes=\"(max-width: 754px) 100vw, 754px\" \/><\/figure><div class=\"wp-block-media-text__content\">\n<p><strong>ABRIL 2023<\/strong><\/p>\n\n\n\n<p><strong>Plantaci\u00f3n de Retamos<\/strong><\/p>\n\n\n\n<p>Se realiz\u00f3 la plantaci\u00f3n de los 30 retamos, donados por Conaf, en el frontis de la sede del Club de Leones Cruz del Sur.<\/p>\n<\/div><\/div>\n\n\n\n<div class=\"wp-block-media-text alignwide is-stacked-on-mobile\" style=\"grid-template-columns:37% auto\"><figure class=\"wp-block-media-text__media\"><img data-recalc-dims=\"1\" loading=\"lazy\" decoding=\"async\" width=\"669\" height=\"502\" src=\"https:\/\/i0.wp.com\/leonescruzdelsur.cl\/wp-content\/uploads\/2023\/06\/convencion.jpg?resize=669%2C502&#038;ssl=1\" alt=\"\" class=\"wp-image-754 size-full\" srcset=\"https:\/\/i0.wp.com\/leonescruzdelsur.cl\/wp-content\/uploads\/2023\/06\/convencion.jpg?w=669&amp;ssl=1 669w, https:\/\/i0.wp.com\/leonescruzdelsur.cl\/wp-content\/uploads\/2023\/06\/convencion.jpg?resize=300%2C225&amp;ssl=1 300w\" sizes=\"(max-width: 669px) 100vw, 669px\" \/><\/figure><div class=\"wp-block-media-text__content\">\n<p><strong>ABRIL 2023<\/strong><\/p>\n\n\n\n<p><strong>LXXIII CONVENCI\u00d3N DEL DISTRITO T-4 \u201cECC CARLOS WALKER ORTEGA\u201d en la Ciudad de Puerto Montt<\/strong><\/p>\n\n\n\n<p>Los d\u00edas 14 y 15 de abril se llev\u00f3 a cabo en la ciudad de Puerto Montt la LXXIII CONVENCI\u00d3N DEL DISTRITO T-4 <em>\u201cECC CARLOS WALKER ORTEGA\u201d<\/em>, oportunidad en la que participaron el presidente del club, Alejandro V\u00e1squez Servieri, y su dama socia del club, Mavis Oyarzun.<\/p>\n<\/div><\/div>\n\n\n\n<div class=\"wp-block-media-text alignwide is-stacked-on-mobile\" style=\"grid-template-columns:40% auto\"><figure class=\"wp-block-media-text__media\"><img data-recalc-dims=\"1\" loading=\"lazy\" decoding=\"async\" width=\"836\" height=\"1024\" src=\"https:\/\/i0.wp.com\/leonescruzdelsur.cl\/wp-content\/uploads\/2023\/06\/panales-1.jpg?resize=836%2C1024&#038;ssl=1\" alt=\"\" class=\"wp-image-753 size-full\" srcset=\"https:\/\/i0.wp.com\/leonescruzdelsur.cl\/wp-content\/uploads\/2023\/06\/panales-1.jpg?resize=836%2C1024&amp;ssl=1 836w, https:\/\/i0.wp.com\/leonescruzdelsur.cl\/wp-content\/uploads\/2023\/06\/panales-1.jpg?resize=245%2C300&amp;ssl=1 245w, https:\/\/i0.wp.com\/leonescruzdelsur.cl\/wp-content\/uploads\/2023\/06\/panales-1.jpg?resize=768%2C941&amp;ssl=1 768w, https:\/\/i0.wp.com\/leonescruzdelsur.cl\/wp-content\/uploads\/2023\/06\/panales-1.jpg?w=1010&amp;ssl=1 1010w\" sizes=\"(max-width: 836px) 100vw, 836px\" \/><\/figure><div class=\"wp-block-media-text__content\">\n<p><strong>ABRIL 2023<\/strong><\/p>\n\n\n\n<p><strong>Entrega de Pa\u00f1ales<\/strong><\/p>\n\n\n\n<p>Se realiz\u00f3 entrega de pa\u00f1ales a un padre de dos hijos, los cuales poseen discapacidad ps\u00edquica severa, adem\u00e1s de otras complicaciones; por lo que es importante para este padre contar con una donaci\u00f3n de pa\u00f1ales.<\/p>\n<\/div><\/div>\n\n\n\n<div class=\"wp-block-media-text alignwide is-stacked-on-mobile\" style=\"grid-template-columns:37% auto\"><figure class=\"wp-block-media-text__media\"><img data-recalc-dims=\"1\" loading=\"lazy\" decoding=\"async\" width=\"619\" height=\"825\" src=\"https:\/\/i0.wp.com\/leonescruzdelsur.cl\/wp-content\/uploads\/2023\/06\/utiles-entrega.jpg?resize=619%2C825&#038;ssl=1\" alt=\"\" class=\"wp-image-751 size-full\" srcset=\"https:\/\/i0.wp.com\/leonescruzdelsur.cl\/wp-content\/uploads\/2023\/06\/utiles-entrega.jpg?w=619&amp;ssl=1 619w, https:\/\/i0.wp.com\/leonescruzdelsur.cl\/wp-content\/uploads\/2023\/06\/utiles-entrega.jpg?resize=225%2C300&amp;ssl=1 225w\" sizes=\"(max-width: 619px) 100vw, 619px\" \/><\/figure><div class=\"wp-block-media-text__content\">\n<p><strong>ABRIL 2023<\/strong><\/p>\n\n\n\n<p><strong>Entrega de \u00datiles Escolares<\/strong><\/p>\n\n\n\n<p>Con el aporte de socios leones se realiz\u00f3 la campa\u00f1a de recolecci\u00f3n de \u00fatiles escolares, los cuales fueron entregados a la presidenta del campamento Lautaro.<\/p>\n<\/div><\/div>\n\n\n\n<div class=\"wp-block-media-text alignwide is-stacked-on-mobile\" style=\"grid-template-columns:38% auto\"><figure class=\"wp-block-media-text__media\"><img data-recalc-dims=\"1\" loading=\"lazy\" decoding=\"async\" width=\"1024\" height=\"768\" src=\"https:\/\/i0.wp.com\/leonescruzdelsur.cl\/wp-content\/uploads\/2023\/06\/IMG-20230408-WA0018.jpg?resize=1024%2C768&#038;ssl=1\" alt=\"\" class=\"wp-image-748 size-full\" srcset=\"https:\/\/i0.wp.com\/leonescruzdelsur.cl\/wp-content\/uploads\/2023\/06\/IMG-20230408-WA0018.jpg?resize=1024%2C768&amp;ssl=1 1024w, https:\/\/i0.wp.com\/leonescruzdelsur.cl\/wp-content\/uploads\/2023\/06\/IMG-20230408-WA0018.jpg?resize=300%2C225&amp;ssl=1 300w, https:\/\/i0.wp.com\/leonescruzdelsur.cl\/wp-content\/uploads\/2023\/06\/IMG-20230408-WA0018.jpg?resize=768%2C576&amp;ssl=1 768w, https:\/\/i0.wp.com\/leonescruzdelsur.cl\/wp-content\/uploads\/2023\/06\/IMG-20230408-WA0018.jpg?w=1156&amp;ssl=1 1156w\" sizes=\"(max-width: 1000px) 100vw, 1000px\" \/><\/figure><div class=\"wp-block-media-text__content\">\n<p><strong>ABRIL 2023<\/strong><\/p>\n\n\n\n<p><strong>Celebraci\u00f3n Pascua de Resurrecci\u00f3n<\/strong><\/p>\n\n\n\n<p>El comit\u00e9 de damas del Club de Leones Punta Arenas Cruz del Sur realiz\u00f3 la entrega de dulces para los ni\u00f1os, ni\u00f1as y adolescentes del Oratorio Jacinto Bocco y as\u00ed celebrar la Pascua de Resurrecci\u00f3n.<\/p>\n<\/div><\/div>\n\n\n\n<div class=\"wp-block-media-text alignwide is-stacked-on-mobile\" style=\"grid-template-columns:38% auto\"><figure class=\"wp-block-media-text__media\"><img data-recalc-dims=\"1\" loading=\"lazy\" decoding=\"async\" width=\"1024\" height=\"768\" src=\"https:\/\/i0.wp.com\/leonescruzdelsur.cl\/wp-content\/uploads\/2023\/06\/IMG-20221223-WA0042.jpg?resize=1024%2C768&#038;ssl=1\" alt=\"\" class=\"wp-image-747 size-full\" srcset=\"https:\/\/i0.wp.com\/leonescruzdelsur.cl\/wp-content\/uploads\/2023\/06\/IMG-20221223-WA0042.jpg?resize=1024%2C768&amp;ssl=1 1024w, https:\/\/i0.wp.com\/leonescruzdelsur.cl\/wp-content\/uploads\/2023\/06\/IMG-20221223-WA0042.jpg?resize=300%2C225&amp;ssl=1 300w, https:\/\/i0.wp.com\/leonescruzdelsur.cl\/wp-content\/uploads\/2023\/06\/IMG-20221223-WA0042.jpg?resize=768%2C576&amp;ssl=1 768w, https:\/\/i0.wp.com\/leonescruzdelsur.cl\/wp-content\/uploads\/2023\/06\/IMG-20221223-WA0042.jpg?w=1280&amp;ssl=1 1280w\" sizes=\"(max-width: 1000px) 100vw, 1000px\" \/><\/figure><div class=\"wp-block-media-text__content\">\n<p><strong>DICIEMBRE 2022<\/strong><\/p>\n\n\n\n<p><strong>Once Navide\u00f1a Campamento<\/strong><\/p>\n\n\n\n<p>Se realiz\u00f3 una actividad en el Campamento Lautaro, ocasi\u00f3n en la cual se entregaron regalos navide\u00f1os junto a una rica once a las familias que componen dicho campamento.<\/p>\n<\/div><\/div>\n\n\n\n<div class=\"wp-block-media-text alignwide is-stacked-on-mobile\" style=\"grid-template-columns:39% auto\"><figure class=\"wp-block-media-text__media\"><img loading=\"lazy\" decoding=\"async\" width=\"1024\" height=\"768\" src=\"https:\/\/leonescruzdelsur.cl\/wp-content\/uploads\/2023\/06\/villancicos-cri-1.bmp\" alt=\"\" class=\"wp-image-746 size-full\" srcset=\"https:\/\/leonescruzdelsur.cl\/wp-content\/uploads\/2023\/06\/villancicos-cri-1.bmp 1024w, https:\/\/leonescruzdelsur.cl\/wp-content\/uploads\/2023\/06\/villancicos-cri-1.bmp 300w, https:\/\/leonescruzdelsur.cl\/wp-content\/uploads\/2023\/06\/villancicos-cri-1.bmp 768w\" sizes=\"(max-width: 1000px) 100vw, 1000px\" \/><\/figure><div class=\"wp-block-media-text__content\">\n<p><strong>DICIEMBRE 2022<\/strong><\/p>\n\n\n\n<p><strong>Interpretaci\u00f3n de Villancicos en la Escuela de Lenguaje Club de Leones Cruz del Sur<\/strong><\/p>\n\n\n\n<p>En el marco de la celebraci\u00f3n de la Navidad, un grupo de socios se prepararon y ensayaron con el fin de interpretar villancicos a los estudiantes de la Escuela de Lenguaje Club de Leones Cruz del Sur.<\/p>\n\n\n\n<p>Adem\u00e1s, se acompa\u00f1\u00f3 en la once de los ni\u00f1os de la escuela de lenguaje del Centro de Rehabilitaci\u00f3n, lo que incluy\u00f3 entrega de regalitos, compartiendo con profesionales, ni\u00f1os y apoderados. Los ni\u00f1os beneficiados fueron 210 estudiantes.<\/p>\n<\/div><\/div>\n\n\n\n<div class=\"wp-block-media-text alignwide is-stacked-on-mobile\" style=\"grid-template-columns:39% auto\"><figure class=\"wp-block-media-text__media\"><img loading=\"lazy\" decoding=\"async\" width=\"1012\" height=\"759\" src=\"https:\/\/leonescruzdelsur.cl\/wp-content\/uploads\/2023\/06\/once-eleam.bmp\" alt=\"\" class=\"wp-image-745 size-full\" srcset=\"https:\/\/leonescruzdelsur.cl\/wp-content\/uploads\/2023\/06\/once-eleam.bmp 1012w, https:\/\/leonescruzdelsur.cl\/wp-content\/uploads\/2023\/06\/once-eleam.bmp 300w, https:\/\/leonescruzdelsur.cl\/wp-content\/uploads\/2023\/06\/once-eleam.bmp 768w\" sizes=\"(max-width: 1000px) 100vw, 1000px\" \/><\/figure><div class=\"wp-block-media-text__content\">\n<p><strong>DICIEMBRE 2022<\/strong><\/p>\n\n\n\n<p><strong>Once Navide\u00f1a ELEAM<\/strong><\/p>\n\n\n\n<p>Con la finalidad de compartir una tarde entretenida, los socios del club ofrecieron una once a los 66 residentes de un ELEAM de la ciudad de Punta Arenas. En dicha oportunidad se entonaron villancicos, se les llev\u00f3 un peque\u00f1o presente a cada uno de los residentes y se realiz\u00f3 pintura de u\u00f1as y masajes en sus manos. Adicionalmente, se construy\u00f3 un \u00e1rbol navide\u00f1o con materiales reciclados, espec\u00edficamente con CDs donde cada uno de ellos ten\u00eda las fotos de los abuelitos que est\u00e1n en este ELEAM.<\/p>\n<\/div><\/div>\n\n\n\n<div class=\"wp-block-media-text alignwide is-stacked-on-mobile\" style=\"grid-template-columns:38% auto\"><figure class=\"wp-block-media-text__media\"><img loading=\"lazy\" decoding=\"async\" width=\"962\" height=\"721\" src=\"https:\/\/leonescruzdelsur.cl\/wp-content\/uploads\/2023\/06\/expo-leon.bmp\" alt=\"\" class=\"wp-image-743 size-full\" srcset=\"https:\/\/leonescruzdelsur.cl\/wp-content\/uploads\/2023\/06\/expo-leon.bmp 962w, https:\/\/leonescruzdelsur.cl\/wp-content\/uploads\/2023\/06\/expo-leon.bmp 300w, https:\/\/leonescruzdelsur.cl\/wp-content\/uploads\/2023\/06\/expo-leon.bmp 768w\" sizes=\"(max-width: 962px) 100vw, 962px\" \/><\/figure><div class=\"wp-block-media-text__content\">\n<p><strong>NOVIEMBRE 2022<\/strong><\/p>\n\n\n\n<p><strong>Actividad Expo Le\u00f3n<\/strong><\/p>\n\n\n\n<p>En las dependencias del Recinto Franco de la ciudad de Punta Arenas, se llev\u00f3 a cabo la Expo Le\u00f3n, que cont\u00f3 con la participaci\u00f3n de todos los Clubes de Leones de nuestra ciudad. En dicha actividad se dio a conocer la labor realizada por el Club de Leones Cruz del Sur.<\/p>\n<\/div><\/div>\n\n\n\n<div class=\"wp-block-media-text alignwide is-stacked-on-mobile\" style=\"grid-template-columns:39% auto\"><figure class=\"wp-block-media-text__media\"><img data-recalc-dims=\"1\" loading=\"lazy\" decoding=\"async\" width=\"1024\" height=\"576\" src=\"https:\/\/i0.wp.com\/leonescruzdelsur.cl\/wp-content\/uploads\/2023\/06\/IMG-20221024-WA0070.jpg?resize=1024%2C576&#038;ssl=1\" alt=\"\" class=\"wp-image-742 size-full\" srcset=\"https:\/\/i0.wp.com\/leonescruzdelsur.cl\/wp-content\/uploads\/2023\/06\/IMG-20221024-WA0070.jpg?resize=1024%2C576&amp;ssl=1 1024w, https:\/\/i0.wp.com\/leonescruzdelsur.cl\/wp-content\/uploads\/2023\/06\/IMG-20221024-WA0070.jpg?resize=300%2C169&amp;ssl=1 300w, https:\/\/i0.wp.com\/leonescruzdelsur.cl\/wp-content\/uploads\/2023\/06\/IMG-20221024-WA0070.jpg?resize=768%2C432&amp;ssl=1 768w, https:\/\/i0.wp.com\/leonescruzdelsur.cl\/wp-content\/uploads\/2023\/06\/IMG-20221024-WA0070.jpg?w=1280&amp;ssl=1 1280w\" sizes=\"(max-width: 1000px) 100vw, 1000px\" \/><\/figure><div class=\"wp-block-media-text__content\">\n<p><strong>OCTUBRE 2022<\/strong><\/p>\n\n\n\n<p>Se realiza el evento final de las Jornadas por la Rehabilitaci\u00f3n en Magallanes, que en su versi\u00f3n N\u00ba 35 llev\u00f3 el eslogan <em>\u201cTu Generosidad, el Mejor Regalo. 35 a\u00f1os Juntos\u201d<\/em>.<\/p>\n\n\n\n<p>La primera noche de transmisi\u00f3n del evento se realiz\u00f3 desde el Centro de Rehabilitaci\u00f3n de Avenida Frei, dando inicio as\u00ed a esta primera jornada, que continu\u00f3 el s\u00e1bado.<\/p>\n\n\n\n<p>En esta oportunidad, gracias al aporte generoso de la comunidad, empresas, instituciones y p\u00fablico en general, se logr\u00f3 superar lo reunido el a\u00f1o anterior; por lo que fue una velada llena de emociones y satisfacciones.<\/p>\n<\/div><\/div>\n\n\n\n<div class=\"wp-block-media-text alignwide is-stacked-on-mobile\" style=\"grid-template-columns:38% auto\"><figure class=\"wp-block-media-text__media\"><img data-recalc-dims=\"1\" loading=\"lazy\" decoding=\"async\" width=\"1024\" height=\"766\" src=\"https:\/\/i0.wp.com\/leonescruzdelsur.cl\/wp-content\/uploads\/2023\/06\/promocion-zona-franca-1-1024x766.jpg?resize=1024%2C766&#038;ssl=1\" alt=\"\" class=\"wp-image-741 size-full\" srcset=\"https:\/\/leonescruzdelsur.cl\/wp-content\/uploads\/2023\/06\/promocion-zona-franca-1.bmp 1024w, https:\/\/leonescruzdelsur.cl\/wp-content\/uploads\/2023\/06\/promocion-zona-franca-1.bmp 300w, https:\/\/leonescruzdelsur.cl\/wp-content\/uploads\/2023\/06\/promocion-zona-franca-1.bmp 768w, https:\/\/leonescruzdelsur.cl\/wp-content\/uploads\/2023\/06\/promocion-zona-franca-1.bmp 1280w\" sizes=\"(max-width: 1000px) 100vw, 1000px\" \/><\/figure><div class=\"wp-block-media-text__content\">\n<p><strong>OCTUBRE 2022<\/strong><\/p>\n\n\n\n<p>Con la finalidad de seguir promocionando el evento solidario Jornadas por la Rehabilitaci\u00f3n en Magallanes, se asisti\u00f3 al hall central de Zona Austral, oportunidad donde se cont\u00f3 con la participaci\u00f3n de las chicas de Calipso, radiodifusores, nuestra colaboradora Minnie, entre otros, contando en dicha oportunidad con alcanc\u00edas y venta de bingos.<\/p>\n<\/div><\/div>\n\n\n\n<div class=\"wp-block-media-text alignwide is-stacked-on-mobile\" style=\"grid-template-columns:38% auto\"><figure class=\"wp-block-media-text__media\"><img data-recalc-dims=\"1\" loading=\"lazy\" decoding=\"async\" width=\"480\" height=\"508\" src=\"https:\/\/i0.wp.com\/leonescruzdelsur.cl\/wp-content\/uploads\/2022\/10\/eucaristia-adulto-mayor-22-rotated.jpg?resize=480%2C508&#038;ssl=1\" alt=\"\" class=\"wp-image-684 size-full\" srcset=\"https:\/\/i0.wp.com\/leonescruzdelsur.cl\/wp-content\/uploads\/2022\/10\/eucaristia-adulto-mayor-22-rotated.jpg?w=480&amp;ssl=1 480w, https:\/\/i0.wp.com\/leonescruzdelsur.cl\/wp-content\/uploads\/2022\/10\/eucaristia-adulto-mayor-22-rotated.jpg?resize=283%2C300&amp;ssl=1 283w\" sizes=\"(max-width: 480px) 100vw, 480px\" \/><\/figure><div class=\"wp-block-media-text__content\">\n<p><strong>OCTUBRE 2022<\/strong><\/p>\n\n\n\n<p>Los socios del Club de Leones Cruz del Sur participaron de la eucarist?a del d?a internacional de las personas mayores, que se realiz? el d?a mi?rcoles 5 de octubre en la Iglesia Catedral de Punta Arenas. Lo anterior, en virtud de la invitaci?n cursada por el Obispo de la Di?cesis de Punta Arenas y la Pastoral del Adulto mayor. Adem?s, en dicha eucarist?a el club realiz? una donaci?n a caritas Chile para el armado de canastas familiares.<\/p>\n<\/div><\/div>\n\n\n\n<div class=\"wp-block-media-text alignwide is-stacked-on-mobile\" style=\"grid-template-columns:38% auto\"><figure class=\"wp-block-media-text__media\"><img data-recalc-dims=\"1\" loading=\"lazy\" decoding=\"async\" width=\"1024\" height=\"768\" src=\"https:\/\/i0.wp.com\/leonescruzdelsur.cl\/wp-content\/uploads\/2022\/08\/IMG-20220806-WA0001.jpg?resize=1024%2C768&#038;ssl=1\" alt=\"\" class=\"wp-image-550 size-full\" srcset=\"https:\/\/i0.wp.com\/leonescruzdelsur.cl\/wp-content\/uploads\/2022\/08\/IMG-20220806-WA0001.jpg?w=1024&amp;ssl=1 1024w, https:\/\/i0.wp.com\/leonescruzdelsur.cl\/wp-content\/uploads\/2022\/08\/IMG-20220806-WA0001.jpg?resize=300%2C225&amp;ssl=1 300w, https:\/\/i0.wp.com\/leonescruzdelsur.cl\/wp-content\/uploads\/2022\/08\/IMG-20220806-WA0001.jpg?resize=768%2C576&amp;ssl=1 768w\" sizes=\"(max-width: 1000px) 100vw, 1000px\" \/><\/figure><div class=\"wp-block-media-text__content\">\n<p class=\"has-large-font-size\">AGOSTO 2022<\/p>\n\n\n\n<p><strong>Celebraci?n d?a del ni?o en la Escuela Especial del Club de Leones Cruz del Sur.<\/strong><\/p>\n\n\n\n<p>Con la finalidad de festejar el d?a del ni?o, un grupo de socios del Club de Leones Cruz del Sur se disfrazaron y bailaron junto a los ni?os de la escuela especial Club de Leones Cruz del Sur. Adem?s de compartir bailes y juegos, se les hizo entrega de un presente a cada ni?o que asisti? a la actividad.<\/p>\n<\/div><\/div>\n\n\n\n<div class=\"wp-block-media-text alignwide is-stacked-on-mobile\" style=\"grid-template-columns:38% auto\"><figure class=\"wp-block-media-text__media\"><img data-recalc-dims=\"1\" loading=\"lazy\" decoding=\"async\" width=\"720\" height=\"747\" src=\"https:\/\/i0.wp.com\/leonescruzdelsur.cl\/wp-content\/uploads\/2022\/10\/cama-2.jpg?resize=720%2C747&#038;ssl=1\" alt=\"\" class=\"wp-image-669 size-full\" srcset=\"https:\/\/i0.wp.com\/leonescruzdelsur.cl\/wp-content\/uploads\/2022\/10\/cama-2.jpg?w=720&amp;ssl=1 720w, https:\/\/i0.wp.com\/leonescruzdelsur.cl\/wp-content\/uploads\/2022\/10\/cama-2.jpg?resize=289%2C300&amp;ssl=1 289w\" sizes=\"(max-width: 720px) 100vw, 720px\" \/><\/figure><div class=\"wp-block-media-text__content\">\n<p><strong>AGOSTO 2022<\/strong> <\/p>\n\n\n\n<p>Se realiz? la entrega de una cama de dos plazas con su respectivo respaldo, veladores y ropa de cama, a un paciente que es atendido en el centro de rehabilitaci?n Club de Leones Cruz del Sur de la ciudad de Punta Arenas<\/p>\n<\/div><\/div>\n\n\n\n<div class=\"wp-block-media-text alignwide is-stacked-on-mobile\" style=\"grid-template-columns:38% auto\"><figure class=\"wp-block-media-text__media\"><img data-recalc-dims=\"1\" loading=\"lazy\" decoding=\"async\" width=\"1024\" height=\"768\" src=\"https:\/\/i0.wp.com\/leonescruzdelsur.cl\/wp-content\/uploads\/2022\/10\/almuerzos-1.jpg?resize=1024%2C768&#038;ssl=1\" alt=\"\" class=\"wp-image-667 size-full\" srcset=\"https:\/\/i0.wp.com\/leonescruzdelsur.cl\/wp-content\/uploads\/2022\/10\/almuerzos-1.jpg?resize=1024%2C768&amp;ssl=1 1024w, https:\/\/i0.wp.com\/leonescruzdelsur.cl\/wp-content\/uploads\/2022\/10\/almuerzos-1.jpg?resize=300%2C225&amp;ssl=1 300w, https:\/\/i0.wp.com\/leonescruzdelsur.cl\/wp-content\/uploads\/2022\/10\/almuerzos-1.jpg?resize=768%2C576&amp;ssl=1 768w, https:\/\/i0.wp.com\/leonescruzdelsur.cl\/wp-content\/uploads\/2022\/10\/almuerzos-1.jpg?resize=1536%2C1153&amp;ssl=1 1536w, https:\/\/i0.wp.com\/leonescruzdelsur.cl\/wp-content\/uploads\/2022\/10\/almuerzos-1.jpg?w=1599&amp;ssl=1 1599w\" sizes=\"(max-width: 1000px) 100vw, 1000px\" \/><\/figure><div class=\"wp-block-media-text__content\">\n<p><strong>AGOSTO 2022<\/strong><\/p>\n\n\n\n<p><strong>ALMUERZOS SOLIDARIOS ? CAMPA?A KILOS DE AMOR<\/strong><\/p>\n\n\n\n<p>Luego de la exitosa campa?a kilos de amor que se llev? a cabo en alianza entre el medio regional ITV Patagonia, Caritas Chile y el Club de Leones Cruz del Sur, se llev? a cabo la segunda etapa de dicha campa?a, que consisti? en entregar 2.500 almuerzos en beneficio de familias necesitadas de la comuna de Punta Arenas. La entrega se realiz? a las diversas juntas de vecinos de la ciudad de Punta Arenas y a Caritas Chile Obispado de Magallanes, quienes se encargaron de la entrega a las diversas familias que fueron beneficiadas con esta iniciativa.<\/p>\n<\/div><\/div>\n\n\n\n<div class=\"wp-block-media-text alignwide is-stacked-on-mobile\" style=\"grid-template-columns:38% auto\"><figure class=\"wp-block-media-text__media\"><img data-recalc-dims=\"1\" loading=\"lazy\" decoding=\"async\" width=\"1024\" height=\"768\" src=\"https:\/\/i0.wp.com\/leonescruzdelsur.cl\/wp-content\/uploads\/2022\/10\/IMG-20220701-WA0083.jpg?resize=1024%2C768&#038;ssl=1\" alt=\"\" class=\"wp-image-666 size-full\" srcset=\"https:\/\/i0.wp.com\/leonescruzdelsur.cl\/wp-content\/uploads\/2022\/10\/IMG-20220701-WA0083.jpg?resize=1024%2C768&amp;ssl=1 1024w, https:\/\/i0.wp.com\/leonescruzdelsur.cl\/wp-content\/uploads\/2022\/10\/IMG-20220701-WA0083.jpg?resize=300%2C225&amp;ssl=1 300w, https:\/\/i0.wp.com\/leonescruzdelsur.cl\/wp-content\/uploads\/2022\/10\/IMG-20220701-WA0083.jpg?resize=768%2C576&amp;ssl=1 768w, https:\/\/i0.wp.com\/leonescruzdelsur.cl\/wp-content\/uploads\/2022\/10\/IMG-20220701-WA0083.jpg?w=1280&amp;ssl=1 1280w\" sizes=\"(max-width: 1000px) 100vw, 1000px\" \/><\/figure><div class=\"wp-block-media-text__content\">\n<p><strong>JULIO 2022<\/strong><\/p>\n\n\n\n<p><strong>Campa?a Kilos de Amor.<\/strong><\/p>\n\n\n\n<p>Por tercer a?o consecutivo se realiz? la campa?a kilos de amor, donde el Club de Leones Cruz del Sur particip? en conjunto con ITV y Caritas Chile. En dicha campa?a se reunieron 25 toneladas de alimentos, cuya distribuci?n estuvo a cargo de Caritas Chile<\/p>\n<\/div><\/div>\n\n\n\n<div class=\"wp-block-media-text alignwide is-stacked-on-mobile\" style=\"grid-template-columns:38% auto\"><figure class=\"wp-block-media-text__media\"><img data-recalc-dims=\"1\" loading=\"lazy\" decoding=\"async\" width=\"1024\" height=\"604\" src=\"https:\/\/i0.wp.com\/leonescruzdelsur.cl\/wp-content\/uploads\/2022\/10\/lanz-3.jpg?resize=1024%2C604&#038;ssl=1\" alt=\"\" class=\"wp-image-665 size-full\" srcset=\"https:\/\/i0.wp.com\/leonescruzdelsur.cl\/wp-content\/uploads\/2022\/10\/lanz-3.jpg?resize=1024%2C604&amp;ssl=1 1024w, https:\/\/i0.wp.com\/leonescruzdelsur.cl\/wp-content\/uploads\/2022\/10\/lanz-3.jpg?resize=300%2C177&amp;ssl=1 300w, https:\/\/i0.wp.com\/leonescruzdelsur.cl\/wp-content\/uploads\/2022\/10\/lanz-3.jpg?resize=768%2C453&amp;ssl=1 768w, https:\/\/i0.wp.com\/leonescruzdelsur.cl\/wp-content\/uploads\/2022\/10\/lanz-3.jpg?resize=1536%2C906&amp;ssl=1 1536w, https:\/\/i0.wp.com\/leonescruzdelsur.cl\/wp-content\/uploads\/2022\/10\/lanz-3.jpg?w=1599&amp;ssl=1 1599w\" sizes=\"(max-width: 1000px) 100vw, 1000px\" \/><\/figure><div class=\"wp-block-media-text__content\">\n<p><strong>julio 2022<\/strong><\/p>\n\n\n\n<p><strong>Lanzamiento Jornadas por la Rehabilitaci?n en Magallanes.<\/strong><\/p>\n\n\n\n<p>El d?a mi?rcoles 13 de julio se realiz? el Lanzamiento oficial de la Campa?a ?Jornadas por la Rehabilitaci?n en Magallanes 2022?, ceremonia que fue transmitida por canal televisivo ITV Patagonia y sus distintas redes sociales. De igual manera, se transmiti? en se?al abierta, donde se unieron a la transmisi?n los canales TV Umag, Canal Pepe Noticias, Radio Soberan?a.<\/p>\n\n\n\n<p>En dicha oportunidad, se presentaron a los embajadores de esta campa?a, siendo el slogan de la campa?a para esta versi?n N? 35: ?<strong>Tu generosidad, el mejor regalo. 35 a?os juntos?<\/strong><\/p>\n<\/div><\/div>\n\n\n\n<div class=\"wp-block-media-text alignwide is-stacked-on-mobile\" style=\"grid-template-columns:38% auto\"><figure class=\"wp-block-media-text__media\"><img data-recalc-dims=\"1\" loading=\"lazy\" decoding=\"async\" width=\"1024\" height=\"766\" src=\"https:\/\/i0.wp.com\/leonescruzdelsur.cl\/wp-content\/uploads\/2022\/10\/sabanillas.jpg?resize=1024%2C766&#038;ssl=1\" alt=\"\" class=\"wp-image-664 size-full\" srcset=\"https:\/\/i0.wp.com\/leonescruzdelsur.cl\/wp-content\/uploads\/2022\/10\/sabanillas.jpg?resize=1024%2C766&amp;ssl=1 1024w, https:\/\/i0.wp.com\/leonescruzdelsur.cl\/wp-content\/uploads\/2022\/10\/sabanillas.jpg?resize=300%2C224&amp;ssl=1 300w, https:\/\/i0.wp.com\/leonescruzdelsur.cl\/wp-content\/uploads\/2022\/10\/sabanillas.jpg?resize=768%2C575&amp;ssl=1 768w, https:\/\/i0.wp.com\/leonescruzdelsur.cl\/wp-content\/uploads\/2022\/10\/sabanillas.jpg?resize=1536%2C1149&amp;ssl=1 1536w, https:\/\/i0.wp.com\/leonescruzdelsur.cl\/wp-content\/uploads\/2022\/10\/sabanillas.jpg?w=1600&amp;ssl=1 1600w\" sizes=\"(max-width: 1000px) 100vw, 1000px\" \/><\/figure><div class=\"wp-block-media-text__content\">\n<p><strong>JUNIO 2022<\/strong><\/p>\n\n\n\n<p>&nbsp;En el marco de la celebraci?n de nuestro aniversario N?45, se ofrendaron en la Iglesia Catedral 36 paquetes de sabanillas y 25 paquetes de pa?ales de adultos. Esto beneficiar? a 27 adultos mayores que viven en el Hogar del Samaritano (ex Hogar de Cristo), donde fueron entregados.<\/p>\n<\/div><\/div>\n\n\n\n<div class=\"wp-block-media-text alignwide is-stacked-on-mobile\" style=\"grid-template-columns:38% auto\"><figure class=\"wp-block-media-text__media\"><img data-recalc-dims=\"1\" loading=\"lazy\" decoding=\"async\" width=\"1024\" height=\"768\" src=\"https:\/\/i0.wp.com\/leonescruzdelsur.cl\/wp-content\/uploads\/2022\/10\/parlante-karaoke.jpg?resize=1024%2C768&#038;ssl=1\" alt=\"\" class=\"wp-image-663 size-full\" srcset=\"https:\/\/i0.wp.com\/leonescruzdelsur.cl\/wp-content\/uploads\/2022\/10\/parlante-karaoke.jpg?resize=1024%2C768&amp;ssl=1 1024w, https:\/\/i0.wp.com\/leonescruzdelsur.cl\/wp-content\/uploads\/2022\/10\/parlante-karaoke.jpg?resize=300%2C225&amp;ssl=1 300w, https:\/\/i0.wp.com\/leonescruzdelsur.cl\/wp-content\/uploads\/2022\/10\/parlante-karaoke.jpg?resize=768%2C576&amp;ssl=1 768w, https:\/\/i0.wp.com\/leonescruzdelsur.cl\/wp-content\/uploads\/2022\/10\/parlante-karaoke.jpg?resize=1536%2C1152&amp;ssl=1 1536w, https:\/\/i0.wp.com\/leonescruzdelsur.cl\/wp-content\/uploads\/2022\/10\/parlante-karaoke.jpg?w=1600&amp;ssl=1 1600w\" sizes=\"(max-width: 1000px) 100vw, 1000px\" \/><\/figure><div class=\"wp-block-media-text__content\">\n<p><strong>JUNIO 2022<\/strong> <\/p>\n\n\n\n<p>En el marco de la celebraci?n de nuestro aniversario N?45, se entreg? de regalo un parlante Karaoke para la Escuela del Centro de Rehabilitaci?n Cruz del Sur, esto gracias al aporte del Comit? de Damas. En esta ocasi?n los leones presentes compartieron con los ni?os e interactuaron con ellos bailando y jugando.<\/p>\n<\/div><\/div>\n\n\n\n<div class=\"wp-block-media-text alignwide is-stacked-on-mobile\" style=\"grid-template-columns:38% auto\"><figure class=\"wp-block-media-text__media\"><img data-recalc-dims=\"1\" loading=\"lazy\" decoding=\"async\" width=\"1024\" height=\"768\" src=\"https:\/\/i0.wp.com\/leonescruzdelsur.cl\/wp-content\/uploads\/2022\/10\/IMG-20220611-WA0027.jpg?resize=1024%2C768&#038;ssl=1\" alt=\"\" class=\"wp-image-660 size-full\" srcset=\"https:\/\/i0.wp.com\/leonescruzdelsur.cl\/wp-content\/uploads\/2022\/10\/IMG-20220611-WA0027.jpg?resize=1024%2C768&amp;ssl=1 1024w, https:\/\/i0.wp.com\/leonescruzdelsur.cl\/wp-content\/uploads\/2022\/10\/IMG-20220611-WA0027.jpg?resize=300%2C225&amp;ssl=1 300w, https:\/\/i0.wp.com\/leonescruzdelsur.cl\/wp-content\/uploads\/2022\/10\/IMG-20220611-WA0027.jpg?resize=768%2C576&amp;ssl=1 768w, https:\/\/i0.wp.com\/leonescruzdelsur.cl\/wp-content\/uploads\/2022\/10\/IMG-20220611-WA0027.jpg?resize=1536%2C1152&amp;ssl=1 1536w, https:\/\/i0.wp.com\/leonescruzdelsur.cl\/wp-content\/uploads\/2022\/10\/IMG-20220611-WA0027.jpg?w=1600&amp;ssl=1 1600w\" sizes=\"(max-width: 1000px) 100vw, 1000px\" \/><\/figure><div class=\"wp-block-media-text__content\">\n<p><strong>JUNIO 2022<\/strong><\/p>\n\n\n\n<p>En el marco de la semana de aniversario del club, se prepararon y entregaron 11 cajas con alimentos, para familias usuarias del Centro de Rehabilitaci?n Club de Leones Cruz del Sur.<\/p>\n<\/div><\/div>\n\n\n\n<div class=\"wp-block-media-text alignwide is-stacked-on-mobile\" style=\"grid-template-columns:38% auto\"><figure class=\"wp-block-media-text__media\"><img data-recalc-dims=\"1\" loading=\"lazy\" decoding=\"async\" width=\"1024\" height=\"766\" src=\"https:\/\/i0.wp.com\/leonescruzdelsur.cl\/wp-content\/uploads\/2022\/10\/IMG_20220610_150430854_HDR.jpg?resize=1024%2C766&#038;ssl=1\" alt=\"\" class=\"wp-image-659 size-full\" srcset=\"https:\/\/i0.wp.com\/leonescruzdelsur.cl\/wp-content\/uploads\/2022\/10\/IMG_20220610_150430854_HDR.jpg?resize=1024%2C766&amp;ssl=1 1024w, https:\/\/i0.wp.com\/leonescruzdelsur.cl\/wp-content\/uploads\/2022\/10\/IMG_20220610_150430854_HDR.jpg?resize=300%2C224&amp;ssl=1 300w, https:\/\/i0.wp.com\/leonescruzdelsur.cl\/wp-content\/uploads\/2022\/10\/IMG_20220610_150430854_HDR.jpg?resize=768%2C575&amp;ssl=1 768w, https:\/\/i0.wp.com\/leonescruzdelsur.cl\/wp-content\/uploads\/2022\/10\/IMG_20220610_150430854_HDR.jpg?resize=1536%2C1149&amp;ssl=1 1536w, https:\/\/i0.wp.com\/leonescruzdelsur.cl\/wp-content\/uploads\/2022\/10\/IMG_20220610_150430854_HDR.jpg?w=1600&amp;ssl=1 1600w\" sizes=\"(max-width: 1000px) 100vw, 1000px\" \/><\/figure><div class=\"wp-block-media-text__content\">\n<p><strong>JUNIO 2022<\/strong><\/p>\n\n\n\n<p>En el marco de la semana de aniversario del Club de Leones Cruz del Sur, se hizo entrega e instalaci?n de una cocina a una familia que lo necesitaba, cuya gesti?n e instalaci?n estuvo cargo por un grupo de socios del Club de Leones Punta Arenas Cruz del Sur.<\/p>\n<\/div><\/div>\n\n\n\n<div class=\"wp-block-media-text alignwide is-stacked-on-mobile\" style=\"grid-template-columns:38% auto\"><figure class=\"wp-block-media-text__media\"><img data-recalc-dims=\"1\" loading=\"lazy\" decoding=\"async\" width=\"1024\" height=\"768\" src=\"https:\/\/i0.wp.com\/leonescruzdelsur.cl\/wp-content\/uploads\/2022\/10\/convencion.jpg?resize=1024%2C768&#038;ssl=1\" alt=\"\" class=\"wp-image-658 size-full\" srcset=\"https:\/\/i0.wp.com\/leonescruzdelsur.cl\/wp-content\/uploads\/2022\/10\/convencion.jpg?resize=1024%2C768&amp;ssl=1 1024w, https:\/\/i0.wp.com\/leonescruzdelsur.cl\/wp-content\/uploads\/2022\/10\/convencion.jpg?resize=300%2C225&amp;ssl=1 300w, https:\/\/i0.wp.com\/leonescruzdelsur.cl\/wp-content\/uploads\/2022\/10\/convencion.jpg?resize=768%2C576&amp;ssl=1 768w, https:\/\/i0.wp.com\/leonescruzdelsur.cl\/wp-content\/uploads\/2022\/10\/convencion.jpg?resize=1536%2C1152&amp;ssl=1 1536w, https:\/\/i0.wp.com\/leonescruzdelsur.cl\/wp-content\/uploads\/2022\/10\/convencion.jpg?w=1600&amp;ssl=1 1600w\" sizes=\"(max-width: 1000px) 100vw, 1000px\" \/><\/figure><div class=\"wp-block-media-text__content\">\n<p><strong>MAYO 2022<\/strong><\/p>\n\n\n\n<p>Los d?as 19-20-21 &nbsp;de mayo, el presidente del Club, en compa??a de un socio le?n, participaron en la LXXII Convenci?n Distrital ?Le?n S?crates Gatica Inostroza? y LXXII Convenci?n Nacional ?Le?n German Vidal Chartt? en la ciudad de Puc?n. En dicha oportunidad se le rindi? un homenaje a nuestro socio le?n EDG Germ?n Vidal Chartt (Q.E.P.D)<\/p>\n<\/div><\/div>\n\n\n\n<div class=\"wp-block-media-text alignwide is-stacked-on-mobile\" style=\"grid-template-columns:38% auto\"><figure class=\"wp-block-media-text__media\"><img data-recalc-dims=\"1\" loading=\"lazy\" decoding=\"async\" width=\"754\" height=\"714\" src=\"https:\/\/i0.wp.com\/leonescruzdelsur.cl\/wp-content\/uploads\/2022\/10\/aniversario-leo-3.jpg?resize=754%2C714&#038;ssl=1\" alt=\"\" class=\"wp-image-657 size-full\" srcset=\"https:\/\/i0.wp.com\/leonescruzdelsur.cl\/wp-content\/uploads\/2022\/10\/aniversario-leo-3.jpg?w=754&amp;ssl=1 754w, https:\/\/i0.wp.com\/leonescruzdelsur.cl\/wp-content\/uploads\/2022\/10\/aniversario-leo-3.jpg?resize=300%2C284&amp;ssl=1 300w\" sizes=\"(max-width: 754px) 100vw, 754px\" \/><\/figure><div class=\"wp-block-media-text__content\">\n<p><strong>ABRIL 2022<\/strong><\/p>\n\n\n\n<p>El d?a 02 de abril se asiste a la celebraci?n de aniversario Club Leo Cruz del Sur; oportunidad en que se realiz? el juramento de nuevos socios.<\/p>\n<\/div><\/div>\n\n\n\n<div class=\"wp-block-media-text alignwide is-stacked-on-mobile\" style=\"grid-template-columns:38% auto\"><figure class=\"wp-block-media-text__media\"><img data-recalc-dims=\"1\" loading=\"lazy\" decoding=\"async\" width=\"1024\" height=\"768\" src=\"https:\/\/i0.wp.com\/leonescruzdelsur.cl\/wp-content\/uploads\/2022\/10\/Oratorio.jpg?resize=1024%2C768&#038;ssl=1\" alt=\"\" class=\"wp-image-656 size-full\" srcset=\"https:\/\/i0.wp.com\/leonescruzdelsur.cl\/wp-content\/uploads\/2022\/10\/Oratorio.jpg?resize=1024%2C768&amp;ssl=1 1024w, https:\/\/i0.wp.com\/leonescruzdelsur.cl\/wp-content\/uploads\/2022\/10\/Oratorio.jpg?resize=300%2C225&amp;ssl=1 300w, https:\/\/i0.wp.com\/leonescruzdelsur.cl\/wp-content\/uploads\/2022\/10\/Oratorio.jpg?resize=768%2C576&amp;ssl=1 768w, https:\/\/i0.wp.com\/leonescruzdelsur.cl\/wp-content\/uploads\/2022\/10\/Oratorio.jpg?resize=1536%2C1152&amp;ssl=1 1536w, https:\/\/i0.wp.com\/leonescruzdelsur.cl\/wp-content\/uploads\/2022\/10\/Oratorio.jpg?w=1600&amp;ssl=1 1600w\" sizes=\"(max-width: 1000px) 100vw, 1000px\" \/><\/figure><div class=\"wp-block-media-text__content\">\n<p><strong>ENERO 2022:<\/strong><\/p>\n\n\n\n<p>Se realiza entrega de juguetes y alimentos al Oratorio Jacinto Bocco.<\/p>\n<\/div><\/div>\n","protected":false},"excerpt":{"rendered":"<p>Paralelamente a las acciones realizadas en pos del cumplimiento de nuestra misi\u00f3n institucional y teniendo siempre presente el lema del Leonismo: \u201cNosotros Servimos\u201d, el Club de Leones Punta Arenas Cruz del Sur realiza m\u00faltiples actividades Leon\u00edsticas y de Servicio, entre las que cabe destacar las siguientes: AGOSTO 2023 LANZAMIENTO DE LAS JORNADAS POR LA REHABILITACI\u00d3N [&hellip;]<\/p>\n","protected":false},"author":1,"featured_media":0,"parent":0,"menu_order":0,"comment_status":"closed","ping_status":"closed","template":"","meta":{"_eb_attr":"","footnotes":""},"class_list":["post-38","page","type-page","status-publish","hentry"],"jetpack-related-posts":[],"jetpack_sharing_enabled":true,"_links":{"self":[{"href":"https:\/\/leonescruzdelsur.cl\/index.php\/wp-json\/wp\/v2\/pages\/38","targetHints":{"allow":["GET"]}}],"collection":[{"href":"https:\/\/leonescruzdelsur.cl\/index.php\/wp-json\/wp\/v2\/pages"}],"about":[{"href":"https:\/\/leonescruzdelsur.cl\/index.php\/wp-json\/wp\/v2\/types\/page"}],"author":[{"embeddable":true,"href":"https:\/\/leonescruzdelsur.cl\/index.php\/wp-json\/wp\/v2\/users\/1"}],"replies":[{"embeddable":true,"href":"https:\/\/leonescruzdelsur.cl\/index.php\/wp-json\/wp\/v2\/comments?post=38"}],"version-history":[{"count":18,"href":"https:\/\/leonescruzdelsur.cl\/index.php\/wp-json\/wp\/v2\/pages\/38\/revisions"}],"predecessor-version":[{"id":1499,"href":"https:\/\/leonescruzdelsur.cl\/index.php\/wp-json\/wp\/v2\/pages\/38\/revisions\/1499"}],"wp:attachment":[{"href":"https:\/\/leonescruzdelsur.cl\/index.php\/wp-json\/wp\/v2\/media?parent=38"}],"curies":[{"name":"wp","href":"https:\/\/api.w.org\/{rel}","templated":true}]}}